{"id":1426,"date":"2023-10-25T23:56:47","date_gmt":"2023-10-25T21:56:47","guid":{"rendered":"https:\/\/lisinamchevadze.com\/?page_id=1426"},"modified":"2026-01-29T13:55:58","modified_gmt":"2026-01-29T12:55:58","slug":"past-events","status":"publish","type":"page","link":"https:\/\/lisinamchevadze.com\/de\/past-events\/","title":{"rendered":"Vergangene Veranstaltungen"},"content":{"rendered":"<div class=\"wp-block-uagb-container uagb-block-859bd6ed alignfull uagb-is-root-container\"><div class=\"uagb-container-inner-blocks-wrap\">\n<div class=\"wp-block-uagb-advanced-heading uagb-block-fbdf28e0\"><\/div>\n\n\n\n<div class=\"wp-block-uagb-advanced-heading uagb-block-c0feabf7\"><\/div>\n<\/div><\/div>\n\n\n\n<div class=\"wp-block-uagb-advanced-heading uagb-block-f8d5607b\"><h3 class=\"uagb-heading-text\">Vergangene Veranstaltungen<\/h3><div class=\"uagb-separator\"><\/div><\/div>\n\n\n\n<section class=\"wp-block-uagb-columns uagb-columns__wrap uagb-columns__background-none uagb-columns__stack-mobile uagb-columns__valign- uagb-columns__gap-10 alignwide uagb-block-067156d5 uagb-columns__columns-2 uagb-columns__max_width-theme\"><div class=\"uagb-columns__overlay\"><\/div><div class=\"uagb-columns__inner-wrap uagb-columns__columns-2\">\n<div class=\"wp-block-uagb-column uagb-column__wrap uagb-column__background-undefined uagb-block-a99e289b\"><div class=\"uagb-column__overlay\"><\/div>\n<div class=\"wp-block-uagb-image alignleft uagb-block-b48341be wp-block-uagb-image--layout-default wp-block-uagb-image--effect-static wp-block-uagb-image--align-left uag-hide-tab uag-hide-mob\"><figure class=\"wp-block-uagb-image__figure\"><img decoding=\"async\" srcset=\"https:\/\/lisinamchevadze.com\/wp-content\/uploads\/2023\/08\/IMG_7487-768x1024.jpg ,https:\/\/lisinamchevadze.com\/wp-content\/uploads\/2023\/08\/IMG_7487-scaled.jpg 780w, https:\/\/lisinamchevadze.com\/wp-content\/uploads\/2023\/08\/IMG_7487-scaled.jpg 360w\" sizes=\"auto, (max-width: 480px) 150px\" src=\"https:\/\/lisinamchevadze.com\/wp-content\/uploads\/2023\/08\/IMG_7487-768x1024.jpg\" alt=\"\" class=\"uag-image-1255\" width=\"275\" height=\"359\" title=\"\" loading=\"lazy\" role=\"img\"\/><\/figure><\/div>\n<\/div>\n\n\n\n<div class=\"wp-block-uagb-column uagb-column__wrap uagb-column__background-undefined uagb-block-fbd874b3\"><div class=\"uagb-column__overlay\"><\/div>\n<section class=\"wp-block-uagb-columns uagb-columns__wrap uagb-columns__background-none uagb-columns__stack-tablet uagb-columns__valign-top uagb-columns__gap-0 align uagb-block-0a366fcd uagb-columns__columns-3 uagb-columns__max_width-theme\"><div class=\"uagb-columns__overlay\"><\/div><div class=\"uagb-columns__inner-wrap uagb-columns__columns-3\">\n<div class=\"wp-block-uagb-column uagb-column__wrap uagb-column__background-undefined uagb-block-e69b68d7\"><div class=\"uagb-column__overlay\"><\/div>\n<p class=\"has-montserrat-font-family\"><strong><strong><strong>19. Jan. 2026<\/strong><\/strong><\/strong><\/p>\n\n\n\n<p>19:30 Uhr<\/p>\n<\/div>\n\n\n\n<div class=\"wp-block-uagb-column uagb-column__wrap uagb-column__background-undefined uagb-block-d56522b6\"><div class=\"uagb-column__overlay\"><\/div>\n<p><a href=\"https:\/\/www.tonali.de\/termine\/klavierabend\/\" data-type=\"link\" data-id=\"https:\/\/lisinamchevadze.com\/wp-content\/uploads\/2025\/03\/Auditorium_010425.jpg\" target=\"_blank\" rel=\"noreferrer noopener\">Klavierabend<\/a><\/p>\n<\/div>\n\n\n\n<div class=\"wp-block-uagb-column uagb-column__wrap uagb-column__background-undefined uagb-block-8c125920\"><div class=\"uagb-column__overlay\"><\/div>\n<p>Klavierabend<\/p>\n\n\n\n<p>TONALi SAAL<\/p>\n\n\n\n<p>Kleiner Kielort 3-5, 20144 Hamburg<\/p>\n<\/div>\n<\/div><\/section>\n\n\n\n<div class=\"wp-block-uagb-separator uagb-block-8ee5ca4b\"><div class=\"uagb-separator-spacing-wrapper\"><div class=\"wp-block-uagb-separator__inner\" style=\"--my-background-image:\"><\/div><\/div><\/div>\n\n\n\n<section class=\"wp-block-uagb-columns uagb-columns__wrap uagb-columns__background-none uagb-columns__stack-tablet uagb-columns__valign-top uagb-columns__gap-0 align uagb-block-0a366fcd uagb-columns__columns-3 uagb-columns__max_width-theme\"><div class=\"uagb-columns__overlay\"><\/div><div class=\"uagb-columns__inner-wrap uagb-columns__columns-3\">\n<div class=\"wp-block-uagb-column uagb-column__wrap uagb-column__background-undefined uagb-block-e69b68d7\"><div class=\"uagb-column__overlay\"><\/div>\n<p class=\"has-montserrat-font-family\"><strong><strong><strong>15. Nov. 2025<\/strong><\/strong><\/strong><\/p>\n\n\n\n<p>12:00 Uhr<\/p>\n<\/div>\n\n\n\n<div class=\"wp-block-uagb-column uagb-column__wrap uagb-column__background-undefined uagb-block-d56522b6\"><div class=\"uagb-column__overlay\"><\/div>\n<p><a href=\"https:\/\/www.eventbrite.de\/e\/young-steinway-artist-elisabeth-namchevadze-zu-gast-bei-steinway-sons-tickets-1853319852569\" data-type=\"link\" data-id=\"https:\/\/lisinamchevadze.com\/wp-content\/uploads\/2025\/03\/Auditorium_010425.jpg\" target=\"_blank\" rel=\"noreferrer noopener\">Young Steinway Artist | Elisabeth Namchevadze zu Gast bei Steinway &amp; Sons<\/a><\/p>\n<\/div>\n\n\n\n<div class=\"wp-block-uagb-column uagb-column__wrap uagb-column__background-undefined uagb-block-8c125920\"><div class=\"uagb-column__overlay\"><\/div>\n<p>Young Steinway Artist | Elisabeth Namchevadze zu Gast bei Steinway &amp; Sons<\/p>\n\n\n\n<p>Steinway &amp; Sons Flagshipstore | Stuttgart<\/p>\n\n\n\n<p>B\u00fcchsenstra\u00dfe 15, 70173 Stuttgart<\/p>\n<\/div>\n<\/div><\/section>\n\n\n\n<div class=\"wp-block-uagb-separator uagb-block-8ee5ca4b\"><div class=\"uagb-separator-spacing-wrapper\"><div class=\"wp-block-uagb-separator__inner\" style=\"--my-background-image:\"><\/div><\/div><\/div>\n\n\n\n<section class=\"wp-block-uagb-columns uagb-columns__wrap uagb-columns__background-none uagb-columns__stack-tablet uagb-columns__valign-top uagb-columns__gap-0 align uagb-block-9dad00ed uagb-columns__columns-3 uagb-columns__max_width-theme\"><div class=\"uagb-columns__overlay\"><\/div><div class=\"uagb-columns__inner-wrap uagb-columns__columns-3\">\n<div class=\"wp-block-uagb-column uagb-column__wrap uagb-column__background-undefined uagb-block-9ca8cdd9\"><div class=\"uagb-column__overlay\"><\/div>\n<p class=\"has-montserrat-font-family\"><strong><strong><strong>28. Sep. 2025<\/strong><\/strong><\/strong><\/p>\n\n\n\n<p>17:00 Uhr<\/p>\n<\/div>\n\n\n\n<div class=\"wp-block-uagb-column uagb-column__wrap uagb-column__background-undefined uagb-block-f3856a5f\"><div class=\"uagb-column__overlay\"><\/div>\n<p><\/p>\n<\/div>\n\n\n\n<div class=\"wp-block-uagb-column uagb-column__wrap uagb-column__background-undefined uagb-block-10ba9c74\"><div class=\"uagb-column__overlay\"><\/div>\n<p>Junge Talente Gro\u00dfe Musik<\/p>\n\n\n\n<p>Werke von Johann Sebastian Bach, Franz Liszt, Fr\u00e9d\u00e9ric Chopin, Robert Schumann und andere<\/p>\n\n\n\n<p>Matth\u00e4uskirche Stuttgart-Heslach<\/p>\n\n\n\n<p>M\u00f6hringer Str. 52, 70199 Stuttgart<\/p>\n<\/div>\n<\/div><\/section>\n\n\n\n<div class=\"wp-block-uagb-separator uagb-block-8ee5ca4b\"><div class=\"uagb-separator-spacing-wrapper\"><div class=\"wp-block-uagb-separator__inner\" style=\"--my-background-image:\"><\/div><\/div><\/div>\n\n\n\n<section class=\"wp-block-uagb-columns uagb-columns__wrap uagb-columns__background-none uagb-columns__stack-tablet uagb-columns__valign-top uagb-columns__gap-0 align uagb-block-4d106711 uagb-columns__columns-3 uagb-columns__max_width-theme\"><div class=\"uagb-columns__overlay\"><\/div><div class=\"uagb-columns__inner-wrap uagb-columns__columns-3\">\n<div class=\"wp-block-uagb-column uagb-column__wrap uagb-column__background-undefined uagb-block-450343f1\"><div class=\"uagb-column__overlay\"><\/div>\n<p class=\"has-montserrat-font-family\"><strong><strong><strong>25. Sep. 2025<\/strong><\/strong><\/strong><\/p>\n\n\n\n<p>19:30 Uhr<\/p>\n<\/div>\n\n\n\n<div class=\"wp-block-uagb-column uagb-column__wrap uagb-column__background-undefined uagb-block-31d98a67\"><div class=\"uagb-column__overlay\"><\/div>\n<p><a href=\"https:\/\/www.stuttgarter-philharmoniker.de\/4356.html\" data-type=\"link\" data-id=\"https:\/\/lisinamchevadze.com\/wp-content\/uploads\/2025\/03\/Auditorium_010425.jpg\" target=\"_blank\" rel=\"noreferrer noopener\">Gro\u00dfe Reihe \u2013 Staunen<\/a><\/p>\n\n\n\n<p><a href=\"https:\/\/www.liederhalle-stuttgart.de\/events\/stuttgarter-philharmoniker-die-grosse-reihe-staunen\/\" target=\"_blank\" rel=\"noreferrer noopener\">Stuttgarter Philharmoniker: Die Gro\u00dfe Reihe \u2013 Staunen l \u00dcBERRASCHUNGEN<\/a><\/p>\n<\/div>\n\n\n\n<div class=\"wp-block-uagb-column uagb-column__wrap uagb-column__background-undefined uagb-block-d111d686\"><div class=\"uagb-column__overlay\"><\/div>\n<p>Elisabeth Namchevadze mit Stuttgarter Philharmoniker<\/p>\n\n\n\n<p>Mozart - Klavierkonzert Nr. 1 KV 37<br>Mozart - Klavierkonzert KV 175 mit Rondo KV 382<\/p>\n\n\n\n<p>Liederhalle Stuttgart \u2013 Beethoven-Saal<\/p>\n\n\n\n<p>Berliner Pl. 1-3, 70174 Stuttgart<\/p>\n\n\n\n<p>Jan Willem de Vriend \u2013 Dirigent<\/p>\n<\/div>\n<\/div><\/section>\n\n\n\n<div class=\"wp-block-uagb-separator uagb-block-8ee5ca4b\"><div class=\"uagb-separator-spacing-wrapper\"><div class=\"wp-block-uagb-separator__inner\" style=\"--my-background-image:\"><\/div><\/div><\/div>\n\n\n\n<section class=\"wp-block-uagb-columns uagb-columns__wrap uagb-columns__background-none uagb-columns__stack-tablet uagb-columns__valign-top uagb-columns__gap-0 align uagb-block-92d1942b uagb-columns__columns-3 uagb-columns__max_width-theme\"><div class=\"uagb-columns__overlay\"><\/div><div class=\"uagb-columns__inner-wrap uagb-columns__columns-3\">\n<div class=\"wp-block-uagb-column uagb-column__wrap uagb-column__background-undefined uagb-block-e101211d\"><div class=\"uagb-column__overlay\"><\/div>\n<p class=\"has-montserrat-font-family\"><strong><strong><strong>5.-13. Aug. 2025<\/strong><\/strong><\/strong><\/p>\n\n\n\n<p>19:00 Uhr<\/p>\n<\/div>\n\n\n\n<div class=\"wp-block-uagb-column uagb-column__wrap uagb-column__background-undefined uagb-block-64935aef\"><div class=\"uagb-column__overlay\"><\/div>\n<p><a href=\"https:\/\/radolfzell-musikschule.de\/sommerakademie\/\" target=\"_blank\" rel=\"noreferrer noopener\">Internationale Sommerakademie<\/a><\/p>\n<\/div>\n\n\n\n<div class=\"wp-block-uagb-column uagb-column__wrap uagb-column__background-undefined uagb-block-c312e236\"><div class=\"uagb-column__overlay\"><\/div>\n<p>Internationale Sommerakademie<\/p>\n\n\n\n<p>Meisterkurs bei Prof. Florian Wiek<\/p>\n\n\n\n<p>St\u00e4dtische Musikschule Radolfzell<\/p>\n\n\n\n<p>G\u00fcttinger Str. 19, 78315 Radolfzell am Bodensee<\/p>\n<\/div>\n<\/div><\/section>\n\n\n\n<div class=\"wp-block-uagb-separator uagb-block-8ee5ca4b\"><div class=\"uagb-separator-spacing-wrapper\"><div class=\"wp-block-uagb-separator__inner\" style=\"--my-background-image:\"><\/div><\/div><\/div>\n\n\n\n<section class=\"wp-block-uagb-columns uagb-columns__wrap uagb-columns__background-none uagb-columns__stack-tablet uagb-columns__valign-top uagb-columns__gap-0 align uagb-block-eb78ce28 uagb-columns__columns-3 uagb-columns__max_width-theme\"><div class=\"uagb-columns__overlay\"><\/div><div class=\"uagb-columns__inner-wrap uagb-columns__columns-3\">\n<div class=\"wp-block-uagb-column uagb-column__wrap uagb-column__background-undefined uagb-block-c04d35ac\"><div class=\"uagb-column__overlay\"><\/div>\n<p class=\"has-montserrat-font-family\"><strong><strong><strong>14. Juli 2025<\/strong><\/strong><\/strong><\/p>\n\n\n\n<p>19:30 Uhr<\/p>\n<\/div>\n\n\n\n<div class=\"wp-block-uagb-column uagb-column__wrap uagb-column__background-undefined uagb-block-44d22aec\"><div class=\"uagb-column__overlay\"><\/div>\n<p><a href=\"https:\/\/arte-piano.com\/programme-artepiano-festival-2025\/\" target=\"_blank\" rel=\"noreferrer noopener\">Programm<\/a><\/p>\n<\/div>\n\n\n\n<div class=\"wp-block-uagb-column uagb-column__wrap uagb-column__background-undefined uagb-block-bd642e54\"><div class=\"uagb-column__overlay\"><\/div>\n<p>Die Kunst der Exzellenz<\/p>\n\n\n\n<p>ArtePiano-Preistr\u00e4ger 2024 im Konzert<\/p>\n\n\n\n<p>Pfarrkirche San Nicola di Bari<\/p>\n<\/div>\n<\/div><\/section>\n\n\n\n<div class=\"wp-block-uagb-separator uagb-block-8ee5ca4b\"><div class=\"uagb-separator-spacing-wrapper\"><div class=\"wp-block-uagb-separator__inner\" style=\"--my-background-image:\"><\/div><\/div><\/div>\n\n\n\n<section class=\"wp-block-uagb-columns uagb-columns__wrap uagb-columns__background-none uagb-columns__stack-tablet uagb-columns__valign-top uagb-columns__gap-0 align uagb-block-35bda045 uagb-columns__columns-3 uagb-columns__max_width-theme\"><div class=\"uagb-columns__overlay\"><\/div><div class=\"uagb-columns__inner-wrap uagb-columns__columns-3\">\n<div class=\"wp-block-uagb-column uagb-column__wrap uagb-column__background-undefined uagb-block-af9c1bff\"><div class=\"uagb-column__overlay\"><\/div>\n<p class=\"has-montserrat-font-family\"><strong><strong><strong>5. Juli 2025<\/strong><\/strong><\/strong><\/p>\n\n\n\n<p>19:00 Uhr<\/p>\n<\/div>\n\n\n\n<div class=\"wp-block-uagb-column uagb-column__wrap uagb-column__background-undefined uagb-block-11b66dee\"><div class=\"uagb-column__overlay\"><\/div>\n<p><a href=\"https:\/\/rko-reutlingen.de\/konzerte\/\" data-type=\"link\" data-id=\"https:\/\/lisinamchevadze.com\/wp-content\/uploads\/2025\/03\/Auditorium_010425.jpg\" target=\"_blank\" rel=\"noreferrer noopener\">Sommerkonzert \u201eJunge Talente\u201c<\/a><\/p>\n\n\n\n<p><a href=\"https:\/\/rko-reutlingen.de\/\" target=\"_blank\" rel=\"noreferrer noopener\">Reutlinger Kammerorchester<\/a><\/p>\n<\/div>\n\n\n\n<div class=\"wp-block-uagb-column uagb-column__wrap uagb-column__background-undefined uagb-block-c7777872\"><div class=\"uagb-column__overlay\"><\/div>\n<p>Reutlinger Kammerorchester<\/p>\n\n\n\n<p>Kreuzkirche, Reutlingen<\/p>\n\n\n\n<p>Paul-Pfizer-Str. 9, Ecke Bellinostr.<\/p>\n\n\n\n<p>Elisabeth Namchevadze - Klavier<br>Ella Rosenberg - Leitung<\/p>\n<\/div>\n<\/div><\/section>\n\n\n\n<div class=\"wp-block-uagb-separator uagb-block-8ee5ca4b\"><div class=\"uagb-separator-spacing-wrapper\"><div class=\"wp-block-uagb-separator__inner\" style=\"--my-background-image:\"><\/div><\/div><\/div>\n\n\n\n<section class=\"wp-block-uagb-columns uagb-columns__wrap uagb-columns__background-none uagb-columns__stack-tablet uagb-columns__valign-top uagb-columns__gap-0 align uagb-block-b3f0ba9f uagb-columns__columns-3 uagb-columns__max_width-theme\"><div class=\"uagb-columns__overlay\"><\/div><div class=\"uagb-columns__inner-wrap uagb-columns__columns-3\">\n<div class=\"wp-block-uagb-column uagb-column__wrap uagb-column__background-undefined uagb-block-5161f5ad\"><div class=\"uagb-column__overlay\"><\/div>\n<p class=\"has-montserrat-font-family\"><strong><strong><strong>14. Juni 2025<\/strong><\/strong><\/strong><\/p>\n\n\n\n<p>19:30 Uhr<\/p>\n<\/div>\n\n\n\n<div class=\"wp-block-uagb-column uagb-column__wrap uagb-column__background-undefined uagb-block-0ffe4cb2\"><div class=\"uagb-column__overlay\"><\/div>\n<p><\/p>\n<\/div>\n\n\n\n<div class=\"wp-block-uagb-column uagb-column__wrap uagb-column__background-undefined uagb-block-64e49fb8\"><div class=\"uagb-column__overlay\"><\/div>\n<p>&#8220;Sterne von Morgen&#8221;<\/p>\n\n\n\n<p>Recital<\/p>\n\n\n\n<p>Rittersaal, Palast Hohenems, \u00d6sterreich<\/p>\n<\/div>\n<\/div><\/section>\n\n\n\n<div class=\"wp-block-uagb-separator uagb-block-8ee5ca4b\"><div class=\"uagb-separator-spacing-wrapper\"><div class=\"wp-block-uagb-separator__inner\" style=\"--my-background-image:\"><\/div><\/div><\/div>\n\n\n\n<section class=\"wp-block-uagb-columns uagb-columns__wrap uagb-columns__background-none uagb-columns__stack-tablet uagb-columns__valign-top uagb-columns__gap-0 align uagb-block-288eb17f uagb-columns__columns-3 uagb-columns__max_width-theme\"><div class=\"uagb-columns__overlay\"><\/div><div class=\"uagb-columns__inner-wrap uagb-columns__columns-3\">\n<div class=\"wp-block-uagb-column uagb-column__wrap uagb-column__background-undefined uagb-block-c3e54eca\"><div class=\"uagb-column__overlay\"><\/div>\n<p class=\"has-montserrat-font-family\"><strong><strong><strong>1. April 2025<\/strong><\/strong><\/strong><\/p>\n\n\n\n<p>19:30 Uhr<\/p>\n<\/div>\n\n\n\n<div class=\"wp-block-uagb-column uagb-column__wrap uagb-column__background-undefined uagb-block-d238bd10\"><div class=\"uagb-column__overlay\"><\/div>\n<p><a href=\"https:\/\/lisinamchevadze.com\/wp-content\/uploads\/2025\/03\/Auditorium_010425.jpg\" data-type=\"link\" data-id=\"https:\/\/lisinamchevadze.com\/wp-content\/uploads\/2025\/03\/Auditorium_010425.jpg\" target=\"_blank\" rel=\"noreferrer noopener\">Programm<\/a><\/p>\n<\/div>\n\n\n\n<div class=\"wp-block-uagb-column uagb-column__wrap uagb-column__background-undefined uagb-block-4ca5b785\"><div class=\"uagb-column__overlay\"><\/div>\n<p>Elisabeth Namchevadze mit Gia Kancheli Tbilisi Youth Orchestra<\/p>\n\n\n\n<p>Mozart - 5. Klavierkonzert in D-Dur, KV 175<\/p>\n\n\n\n<p> Auditorium \u2013 David Agmashenebeli Allee 182, Tbilisi, Georgien<\/p>\n\n\n\n<p>Claudio Vandelli \u2013 Dirigent<\/p>\n<\/div>\n<\/div><\/section>\n\n\n\n<div class=\"wp-block-uagb-separator uagb-block-8ee5ca4b\"><div class=\"uagb-separator-spacing-wrapper\"><div class=\"wp-block-uagb-separator__inner\" style=\"--my-background-image:\"><\/div><\/div><\/div>\n\n\n\n<section class=\"wp-block-uagb-columns uagb-columns__wrap uagb-columns__background-none uagb-columns__stack-tablet uagb-columns__valign-top uagb-columns__gap-0 align uagb-block-c70e9457 uagb-columns__columns-3 uagb-columns__max_width-theme\"><div class=\"uagb-columns__overlay\"><\/div><div class=\"uagb-columns__inner-wrap uagb-columns__columns-3\">\n<div class=\"wp-block-uagb-column uagb-column__wrap uagb-column__background-undefined uagb-block-b969a697\"><div class=\"uagb-column__overlay\"><\/div>\n<p class=\"has-montserrat-font-family\"><strong><strong><strong><strong><strong><strong>16. M\u00e4rz 2025<\/strong><\/strong><\/strong><\/strong><\/strong><\/strong><\/p>\n<\/div>\n\n\n\n<div class=\"wp-block-uagb-column uagb-column__wrap uagb-column__background-undefined uagb-block-70628718\"><div class=\"uagb-column__overlay\"><\/div>\n<p><\/p>\n<\/div>\n\n\n\n<div class=\"wp-block-uagb-column uagb-column__wrap uagb-column__background-undefined uagb-block-6da65066\"><div class=\"uagb-column__overlay\"><\/div>\n<p>19. Internationales Klavierwochenende Holzgerlingen, Deutschland<\/p>\n<\/div>\n<\/div><\/section>\n\n\n\n<div class=\"wp-block-uagb-separator uagb-block-8ee5ca4b\"><div class=\"uagb-separator-spacing-wrapper\"><div class=\"wp-block-uagb-separator__inner\" style=\"--my-background-image:\"><\/div><\/div><\/div>\n\n\n\n<section class=\"wp-block-uagb-columns uagb-columns__wrap uagb-columns__background-none uagb-columns__stack-tablet uagb-columns__valign-top uagb-columns__gap-0 align uagb-block-8fa78ff0 uagb-columns__columns-3 uagb-columns__max_width-theme\"><div class=\"uagb-columns__overlay\"><\/div><div class=\"uagb-columns__inner-wrap uagb-columns__columns-3\">\n<div class=\"wp-block-uagb-column uagb-column__wrap uagb-column__background-undefined uagb-block-a178ba4b\"><div class=\"uagb-column__overlay\"><\/div>\n<p class=\"has-montserrat-font-family\"><strong><strong><strong>07. Mar. 2025<\/strong><\/strong><\/strong><\/p>\n\n\n\n<p>20:30 Uhr<\/p>\n<\/div>\n\n\n\n<div class=\"wp-block-uagb-column uagb-column__wrap uagb-column__background-undefined uagb-block-c6a82177\"><div class=\"uagb-column__overlay\"><\/div>\n<p><a href=\"https:\/\/lisinamchevadze.com\/wp-content\/uploads\/2025\/03\/IMG_35981.png\" data-type=\"link\" data-id=\"https:\/\/lisinamchevadze.com\/wp-content\/uploads\/2025\/03\/IMG_35981.png\" target=\"_blank\" rel=\"noreferrer noopener\">International Concerto Competition<\/a><\/p>\n<\/div>\n\n\n\n<div class=\"wp-block-uagb-column uagb-column__wrap uagb-column__background-undefined uagb-block-21d46fb9\"><div class=\"uagb-column__overlay\"><\/div>\n<p>Teatro San Giovanni Brescia, Italien<\/p>\n\n\n\n<p>Ludwig van Beethoven: Klavierkonzert Nr. 3 in c-Moll, op. 37<\/p>\n\n\n\n<p>Mit Master Orchestra Brescia<\/p>\n\n\n\n<p>Sergio Baietta - Dirigent<\/p>\n<\/div>\n<\/div><\/section>\n\n\n\n<div class=\"wp-block-uagb-separator uagb-block-8ee5ca4b\"><div class=\"uagb-separator-spacing-wrapper\"><div class=\"wp-block-uagb-separator__inner\" style=\"--my-background-image:\"><\/div><\/div><\/div>\n\n\n\n<section class=\"wp-block-uagb-columns uagb-columns__wrap uagb-columns__background-none uagb-columns__stack-tablet uagb-columns__valign-top uagb-columns__gap-0 align uagb-block-5868d51b uagb-columns__columns-3 uagb-columns__max_width-theme\"><div class=\"uagb-columns__overlay\"><\/div><div class=\"uagb-columns__inner-wrap uagb-columns__columns-3\">\n<div class=\"wp-block-uagb-column uagb-column__wrap uagb-column__background-undefined uagb-block-759c96a4\"><div class=\"uagb-column__overlay\"><\/div>\n<p class=\"has-montserrat-font-family\"><strong>13. Feb. 2025<\/strong><\/p>\n\n\n\n<p class=\"has-text-align-left\">20:15 Uhr<\/p>\n<\/div>\n\n\n\n<div class=\"wp-block-uagb-column uagb-column__wrap uagb-column__background-undefined uagb-block-634e4747\"><div class=\"uagb-column__overlay\"><\/div>\n<p><a href=\"https:\/\/valleiconcerten.nl\/kaarten-kopen\/13-februari-2025-meesters-van-morgen\/\" target=\"_blank\" rel=\"noreferrer noopener\">meesters-van-morgen<\/a><\/p>\n<\/div>\n\n\n\n<div class=\"wp-block-uagb-column uagb-column__wrap uagb-column__background-undefined uagb-block-b8e6a853\"><div class=\"uagb-column__overlay\"><\/div>\n<p>Meister von Morgen<\/p>\n\n\n\n<p>De Dorpskerk<\/p>\n\n\n\n<p>Arnhemseweg 75, 3832 AT Leusden-Zuid<\/p>\n<\/div>\n<\/div><\/section>\n\n\n\n<div class=\"wp-block-uagb-separator uagb-block-47704238\"><div class=\"uagb-separator-spacing-wrapper\"><div class=\"wp-block-uagb-separator__inner\" style=\"--my-background-image:\"><\/div><\/div><\/div>\n\n\n\n<section class=\"wp-block-uagb-columns uagb-columns__wrap uagb-columns__background-none uagb-columns__stack-tablet uagb-columns__valign-top uagb-columns__gap-0 align uagb-block-7d965101 uagb-columns__columns-3 uagb-columns__max_width-theme\"><div class=\"uagb-columns__overlay\"><\/div><div class=\"uagb-columns__inner-wrap uagb-columns__columns-3\">\n<div class=\"wp-block-uagb-column uagb-column__wrap uagb-column__background-undefined uagb-block-2cbf0a2f\"><div class=\"uagb-column__overlay\"><\/div>\n<p class=\"has-montserrat-font-family\"><strong>05. Feb. 2025<\/strong><\/p>\n\n\n\n<p class=\"has-text-align-left\">20:00 Uhr<\/p>\n<\/div>\n\n\n\n<div class=\"wp-block-uagb-column uagb-column__wrap uagb-column__background-undefined uagb-block-e3325252\"><div class=\"uagb-column__overlay\"><\/div>\n<p><a href=\"https:\/\/www.liederhalle-stuttgart.de\/events\/sinfoniekonzert-werke-von-mendelssohn-und-beethoven\/\" target=\"_blank\" rel=\"noreferrer noopener\">Sinfoniekonzert: Werke von Mendelssohn und Beethoven<\/a><\/p>\n\n\n\n<p><a href=\"https:\/\/www.easyticket.de\/veranstaltung\/sinfoniekonzert-werke-von-mendelssohn-und-beethoven-55234\/100548\/\" target=\"_blank\" rel=\"noreferrer noopener\">Tickets<\/a><\/p>\n<\/div>\n\n\n\n<div class=\"wp-block-uagb-column uagb-column__wrap uagb-column__background-undefined uagb-block-521cc23b\"><div class=\"uagb-column__overlay\"><\/div>\n<p>Mendelssohn Klavierkonzert Nr. 1<\/p>\n\n\n\n<p>Liederhalle Stuttgart \u2013 Mozart-Saal<\/p>\n\n\n\n<p>Berliner Pl. 1-3, 70174 Stuttgart<\/p>\n<\/div>\n<\/div><\/section>\n\n\n\n<div class=\"wp-block-uagb-separator uagb-block-8fab960c\"><div class=\"uagb-separator-spacing-wrapper\"><div class=\"wp-block-uagb-separator__inner\" style=\"--my-background-image:\"><\/div><\/div><\/div>\n\n\n\n<section class=\"wp-block-uagb-columns uagb-columns__wrap uagb-columns__background-none uagb-columns__stack-tablet uagb-columns__valign-top uagb-columns__gap-0 align uagb-block-5927b0f0 uagb-columns__columns-3 uagb-columns__max_width-theme\"><div class=\"uagb-columns__overlay\"><\/div><div class=\"uagb-columns__inner-wrap uagb-columns__columns-3\">\n<div class=\"wp-block-uagb-column uagb-column__wrap uagb-column__background-undefined uagb-block-92a98b20\"><div class=\"uagb-column__overlay\"><\/div>\n<p class=\"has-montserrat-font-family\"><strong>02. Feb. 2025<\/strong><\/p>\n\n\n\n<p class=\"has-text-align-left\">19:30 Uhr<\/p>\n<\/div>\n\n\n\n<div class=\"wp-block-uagb-column uagb-column__wrap uagb-column__background-undefined uagb-block-0b08cf84\"><div class=\"uagb-column__overlay\"><\/div>\n<p><\/p>\n<\/div>\n\n\n\n<div class=\"wp-block-uagb-column uagb-column__wrap uagb-column__background-undefined uagb-block-ecf43f32\"><div class=\"uagb-column__overlay\"><\/div>\n<p>Mendelssohn Klavierkonzert Nr. 1<\/p>\n\n\n\n<p>Stadthalle G\u00f6ppingen \u2013 Foggia-Saal<\/p>\n\n\n\n<p>Blumenstra\u00dfe 41, 73033 G\u00f6ppingen<\/p>\n<\/div>\n<\/div><\/section>\n\n\n\n<div class=\"wp-block-uagb-separator uagb-block-9b29071b\"><div class=\"uagb-separator-spacing-wrapper\"><div class=\"wp-block-uagb-separator__inner\" style=\"--my-background-image:\"><\/div><\/div><\/div>\n\n\n\n<section class=\"wp-block-uagb-columns uagb-columns__wrap uagb-columns__background-none uagb-columns__stack-tablet uagb-columns__valign-top uagb-columns__gap-0 align uagb-block-6d3c8b29 uagb-columns__columns-3 uagb-columns__max_width-theme\"><div class=\"uagb-columns__overlay\"><\/div><div class=\"uagb-columns__inner-wrap uagb-columns__columns-3\">\n<div class=\"wp-block-uagb-column uagb-column__wrap uagb-column__background-undefined uagb-block-4cd1231e\"><div class=\"uagb-column__overlay\"><\/div>\n<p class=\"has-montserrat-font-family\"><strong>02. Feb. 2025<\/strong><\/p>\n\n\n\n<p class=\"has-text-align-left\">13:00 Uhr<\/p>\n<\/div>\n\n\n\n<div class=\"wp-block-uagb-column uagb-column__wrap uagb-column__background-undefined uagb-block-ecc76ea3\"><div class=\"uagb-column__overlay\"><\/div>\n<p><\/p>\n<\/div>\n\n\n\n<div class=\"wp-block-uagb-column uagb-column__wrap uagb-column__background-undefined uagb-block-029642b6\"><div class=\"uagb-column__overlay\"><\/div>\n<p>Mendelssohn Klavierkonzert Nr. 1<\/p>\n\n\n\n<p>Congress-Centrum Stadtgarten \u2013 Peter-Parler-Saal<\/p>\n\n\n\n<p>Rektor-Klaus-Stra\u00dfe 9, 73525 Schw\u00e4bisch Gm\u00fcnd<\/p>\n<\/div>\n<\/div><\/section>\n\n\n\n<div class=\"wp-block-uagb-separator uagb-block-3806ee8f\"><div class=\"uagb-separator-spacing-wrapper\"><div class=\"wp-block-uagb-separator__inner\" style=\"--my-background-image:\"><\/div><\/div><\/div>\n\n\n\n<section class=\"wp-block-uagb-columns uagb-columns__wrap uagb-columns__background-none uagb-columns__stack-tablet uagb-columns__valign-top uagb-columns__gap-0 align uagb-block-a5ffb310 uagb-columns__columns-3 uagb-columns__max_width-theme\"><div class=\"uagb-columns__overlay\"><\/div><div class=\"uagb-columns__inner-wrap uagb-columns__columns-3\">\n<div class=\"wp-block-uagb-column uagb-column__wrap uagb-column__background-undefined uagb-block-0b0e8444\"><div class=\"uagb-column__overlay\"><\/div>\n<p class=\"has-montserrat-font-family\"><strong>01. Feb. 2025<\/strong><\/p>\n\n\n\n<p class=\"has-text-align-left\">19:30 Uhr<\/p>\n<\/div>\n\n\n\n<div class=\"wp-block-uagb-column uagb-column__wrap uagb-column__background-undefined uagb-block-e53a5110\"><div class=\"uagb-column__overlay\"><\/div>\n<p><\/p>\n<\/div>\n\n\n\n<div class=\"wp-block-uagb-column uagb-column__wrap uagb-column__background-undefined uagb-block-b828946a\"><div class=\"uagb-column__overlay\"><\/div>\n<p>Mendelssohn Klavierkonzert Nr. 1<\/p>\n\n\n\n<p>Rudolf-Steiner-Waldorfschule \u2013 Gro\u00dfer Saal<\/p>\n\n\n\n<p>Am Lerchenberg 60, 72622 N\u00fcrtingen<\/p>\n<\/div>\n<\/div><\/section>\n\n\n\n<div class=\"wp-block-uagb-separator uagb-block-af32f6f9\"><div class=\"uagb-separator-spacing-wrapper\"><div class=\"wp-block-uagb-separator__inner\" style=\"--my-background-image:\"><\/div><\/div><\/div>\n\n\n\n<section class=\"wp-block-uagb-columns uagb-columns__wrap uagb-columns__background-none uagb-columns__stack-tablet uagb-columns__valign-top uagb-columns__gap-0 align uagb-block-5ffe3a0f uagb-columns__columns-3 uagb-columns__max_width-theme\"><div class=\"uagb-columns__overlay\"><\/div><div class=\"uagb-columns__inner-wrap uagb-columns__columns-3\">\n<div class=\"wp-block-uagb-column uagb-column__wrap uagb-column__background-undefined uagb-block-c15114b1\"><div class=\"uagb-column__overlay\"><\/div>\n<p class=\"has-montserrat-font-family\"><strong>22. Dez. 2024<\/strong><\/p>\n\n\n\n<p class=\"has-text-align-left\">15:00 Uhr<\/p>\n<\/div>\n\n\n\n<div class=\"wp-block-uagb-column uagb-column__wrap uagb-column__background-undefined uagb-block-7d5d7a71\"><div class=\"uagb-column__overlay\"><\/div>\n<p><a href=\"https:\/\/www.hetconcertkoor.nl\/kerstconcert-2024\/\" target=\"_blank\" rel=\"noreferrer noopener\">Christmas concert with Mendelssohn<\/a><\/p>\n<\/div>\n\n\n\n<div class=\"wp-block-uagb-column uagb-column__wrap uagb-column__background-undefined uagb-block-0570cb90\"><div class=\"uagb-column__overlay\"><\/div>\n<p>Elisabeth Namchevadze mit Amsterdam Mendelssohn Kammerorchester<\/p>\n\n\n\n<p>Theater \u2018De Maagd\u2019<\/p>\n\n\n\n<p>Grote Markt 32, 4611 NT Bergen op Zoom, Niederlande<\/p>\n\n\n\n<p>Andr\u00e9 Telderman - Dirigent<\/p>\n<\/div>\n<\/div><\/section>\n\n\n\n<div class=\"wp-block-uagb-separator uagb-block-3a8fef05\"><div class=\"uagb-separator-spacing-wrapper\"><div class=\"wp-block-uagb-separator__inner\" style=\"--my-background-image:\"><\/div><\/div><\/div>\n\n\n\n<section class=\"wp-block-uagb-columns uagb-columns__wrap uagb-columns__background-none uagb-columns__stack-tablet uagb-columns__valign-top uagb-columns__gap-0 align uagb-block-6131fb03 uagb-columns__columns-3 uagb-columns__max_width-theme\"><div class=\"uagb-columns__overlay\"><\/div><div class=\"uagb-columns__inner-wrap uagb-columns__columns-3\">\n<div class=\"wp-block-uagb-column uagb-column__wrap uagb-column__background-undefined uagb-block-76455280\"><div class=\"uagb-column__overlay\"><\/div>\n<p class=\"has-montserrat-font-family\"><strong>06. Okt. 2024<\/strong><\/p>\n<\/div>\n\n\n\n<div class=\"wp-block-uagb-column uagb-column__wrap uagb-column__background-undefined uagb-block-6826a06b\"><div class=\"uagb-column__overlay\"><\/div>\n<p><a href=\"https:\/\/www.beethoven.de\/de\/termine\/view\/5718790453067776\/Yound+Start\" target=\"_blank\" rel=\"noreferrer noopener\">Young Star &#8211; Beethoven-Haus Bonn<\/a><\/p>\n<\/div>\n\n\n\n<div class=\"wp-block-uagb-column uagb-column__wrap uagb-column__background-undefined uagb-block-6db6ca9f\"><div class=\"uagb-column__overlay\"><\/div>\n<p class=\"has-montserrat-font-family\">Young Star - Preistr\u00e4ger des Hermann J. Abs-Preises<br><br>Sunday, October 6, 2024 at 6.00 PM<\/p>\n<\/div>\n<\/div><\/section>\n\n\n\n<div class=\"wp-block-uagb-separator uagb-block-77e624bb\"><div class=\"uagb-separator-spacing-wrapper\"><div class=\"wp-block-uagb-separator__inner\" style=\"--my-background-image:\"><\/div><\/div><\/div>\n\n\n\n<section class=\"wp-block-uagb-columns uagb-columns__wrap uagb-columns__background-none uagb-columns__stack-tablet uagb-columns__valign-top uagb-columns__gap-0 align uagb-block-059a58d6 uagb-columns__columns-3 uagb-columns__max_width-theme\"><div class=\"uagb-columns__overlay\"><\/div><div class=\"uagb-columns__inner-wrap uagb-columns__columns-3\">\n<div class=\"wp-block-uagb-column uagb-column__wrap uagb-column__background-undefined uagb-block-67d81741\"><div class=\"uagb-column__overlay\"><\/div>\n<p class=\"has-montserrat-font-family\"><strong>05. Oct. 2024<\/strong><\/p>\n<\/div>\n\n\n\n<div class=\"wp-block-uagb-column uagb-column__wrap uagb-column__background-undefined uagb-block-ead19253\"><div class=\"uagb-column__overlay\"><\/div>\n<p><\/p>\n<\/div>\n\n\n\n<div class=\"wp-block-uagb-column uagb-column__wrap uagb-column__background-undefined uagb-block-809dc996\"><div class=\"uagb-column__overlay\"><\/div>\n<p class=\"has-montserrat-font-family\">\u201eEine musikalische Reise durch mitteleurop\u00e4ische Hauptst\u00e4dte\u201c<\/p>\n<\/div>\n<\/div><\/section>\n\n\n\n<div class=\"wp-block-uagb-separator uagb-block-c95a1647\"><div class=\"uagb-separator-spacing-wrapper\"><div class=\"wp-block-uagb-separator__inner\" style=\"--my-background-image:\"><\/div><\/div><\/div>\n\n\n\n<section class=\"wp-block-uagb-columns uagb-columns__wrap uagb-columns__background-none uagb-columns__stack-tablet uagb-columns__valign-top uagb-columns__gap-0 align uagb-block-55c0d04c uagb-columns__columns-3 uagb-columns__max_width-theme\"><div class=\"uagb-columns__overlay\"><\/div><div class=\"uagb-columns__inner-wrap uagb-columns__columns-3\">\n<div class=\"wp-block-uagb-column uagb-column__wrap uagb-column__background-undefined uagb-block-9cc139c3\"><div class=\"uagb-column__overlay\"><\/div>\n<p class=\"has-montserrat-font-family\"><strong>02. Oct. 2024<\/strong><\/p>\n<\/div>\n\n\n\n<div class=\"wp-block-uagb-column uagb-column__wrap uagb-column__background-undefined uagb-block-f9a54683\"><div class=\"uagb-column__overlay\"><\/div>\n<p><\/p>\n<\/div>\n\n\n\n<div class=\"wp-block-uagb-column uagb-column__wrap uagb-column__background-undefined uagb-block-f683e858\"><div class=\"uagb-column__overlay\"><\/div>\n<p class=\"has-montserrat-font-family\">\u201eEine musikalische Reise durch mitteleurop\u00e4ische Hauptst\u00e4dte\u201c<\/p>\n<\/div>\n<\/div><\/section>\n\n\n\n<div class=\"wp-block-uagb-separator uagb-block-b1900f78\"><div class=\"uagb-separator-spacing-wrapper\"><div class=\"wp-block-uagb-separator__inner\" style=\"--my-background-image:\"><\/div><\/div><\/div>\n\n\n\n<section class=\"wp-block-uagb-columns uagb-columns__wrap uagb-columns__background-none uagb-columns__stack-tablet uagb-columns__valign-top uagb-columns__gap-0 align uagb-block-35412ec1 uagb-columns__columns-3 uagb-columns__max_width-theme\"><div class=\"uagb-columns__overlay\"><\/div><div class=\"uagb-columns__inner-wrap uagb-columns__columns-3\">\n<div class=\"wp-block-uagb-column uagb-column__wrap uagb-column__background-undefined uagb-block-b0e36302\"><div class=\"uagb-column__overlay\"><\/div>\n<p class=\"has-montserrat-font-family\"><strong>01. Okt. 2024<\/strong><\/p>\n<\/div>\n\n\n\n<div class=\"wp-block-uagb-column uagb-column__wrap uagb-column__background-undefined uagb-block-e7f6b269\"><div class=\"uagb-column__overlay\"><\/div>\n<p><a href=\"https:\/\/www.liederhalle-stuttgart.de\/events\/mirian-khukhunaishvili-tbilisi-youth-orchestra-mit-elisabeth-namchevadze\/\" target=\"_blank\" rel=\"noreferrer noopener\">www.liederhalle-stuttgart.de<\/a><\/p>\n\n\n\n<p><a href=\"https:\/\/www.easyticket.de\/veranstaltung\/elisabeth-namchevadze\/97316\/\" target=\"_blank\" rel=\"noreferrer noopener\">Tickets<\/a><\/p>\n<\/div>\n\n\n\n<div class=\"wp-block-uagb-column uagb-column__wrap uagb-column__background-undefined uagb-block-4b29d36c\"><div class=\"uagb-column__overlay\"><\/div>\n<p class=\"has-montserrat-font-family\">Liederhalle Stuttgart \u2013 Mozart-Saal<br><br>Tuesday, October 1, 2024 at 7.30 PM<br><br>Beethoven Klavierkonzert no. 3 in c-Moll op. 37<br><br>Elisabeth Namchevadze \u2013 Klavier<br>Miriam Khukhunaishvili \u2013 Dirigent<\/p>\n<\/div>\n<\/div><\/section>\n\n\n\n<div class=\"wp-block-uagb-separator uagb-block-b25c1f17\"><div class=\"uagb-separator-spacing-wrapper\"><div class=\"wp-block-uagb-separator__inner\" style=\"--my-background-image:\"><\/div><\/div><\/div>\n\n\n\n<section class=\"wp-block-uagb-columns uagb-columns__wrap uagb-columns__background-none uagb-columns__stack-tablet uagb-columns__valign-top uagb-columns__gap-0 align uagb-block-2508ea4a uagb-columns__columns-3 uagb-columns__max_width-theme\"><div class=\"uagb-columns__overlay\"><\/div><div class=\"uagb-columns__inner-wrap uagb-columns__columns-3\">\n<div class=\"wp-block-uagb-column uagb-column__wrap uagb-column__background-undefined uagb-block-e3fb2ce3\"><div class=\"uagb-column__overlay\"><\/div>\n<p class=\"has-montserrat-font-family\"><strong>18. Aug. 2024<\/strong><\/p>\n<\/div>\n\n\n\n<div class=\"wp-block-uagb-column uagb-column__wrap uagb-column__background-undefined uagb-block-566e3711\"><div class=\"uagb-column__overlay\"><\/div><\/div>\n\n\n\n<div class=\"wp-block-uagb-column uagb-column__wrap uagb-column__background-undefined uagb-block-a7c85a11\"><div class=\"uagb-column__overlay\"><\/div>\n<p class=\"has-montserrat-font-family\">21. Internationale Sommerserenaden 2024 \"Klavier &amp; Lyrik\"<\/p>\n<\/div>\n<\/div><\/section>\n\n\n\n<div class=\"wp-block-uagb-separator uagb-block-e79165fa\"><div class=\"uagb-separator-spacing-wrapper\"><div class=\"wp-block-uagb-separator__inner\" style=\"--my-background-image:\"><\/div><\/div><\/div>\n\n\n\n<section class=\"wp-block-uagb-columns uagb-columns__wrap uagb-columns__background-none uagb-columns__stack-tablet uagb-columns__valign-top uagb-columns__gap-0 align uagb-block-43f2a0e1 uagb-columns__columns-3 uagb-columns__max_width-theme\"><div class=\"uagb-columns__overlay\"><\/div><div class=\"uagb-columns__inner-wrap uagb-columns__columns-3\">\n<div class=\"wp-block-uagb-column uagb-column__wrap uagb-column__background-undefined uagb-block-a74517c0\"><div class=\"uagb-column__overlay\"><\/div>\n<p class=\"has-montserrat-font-family\"><strong>07. July 2024<\/strong><\/p>\n<\/div>\n\n\n\n<div class=\"wp-block-uagb-column uagb-column__wrap uagb-column__background-undefined uagb-block-2b0bd016\"><div class=\"uagb-column__overlay\"><\/div>\n<p><a href=\"https:\/\/www.eurythmeumstuttgart.de\/kalender\/veranstaltungen\" target=\"_blank\" rel=\"noreferrer noopener\">Veranstaltungen &#8211; Eurythmeum Stuttgart<\/a><\/p>\n<\/div>\n\n\n\n<div class=\"wp-block-uagb-column uagb-column__wrap uagb-column__background-undefined uagb-block-0f6b2df1\"><div class=\"uagb-column__overlay\"><\/div>\n<p class=\"has-montserrat-font-family\">Solo Recital in Eurythmeum Stuttgart<br><br>Sonntag, 7. Juli 2024 um 18 Uhr<br><br>Zur Uhlandsh\u00f6he 8, 70188 Stuttgart<\/p>\n<\/div>\n<\/div><\/section>\n\n\n\n<div class=\"wp-block-uagb-separator uagb-block-141b3241\"><div class=\"uagb-separator-spacing-wrapper\"><div class=\"wp-block-uagb-separator__inner\" style=\"--my-background-image:\"><\/div><\/div><\/div>\n\n\n\n<section class=\"wp-block-uagb-columns uagb-columns__wrap uagb-columns__background-none uagb-columns__stack-tablet uagb-columns__valign-top uagb-columns__gap-0 align uagb-block-e7674f90 uagb-columns__columns-3 uagb-columns__max_width-theme\"><div class=\"uagb-columns__overlay\"><\/div><div class=\"uagb-columns__inner-wrap uagb-columns__columns-3\">\n<div class=\"wp-block-uagb-column uagb-column__wrap uagb-column__background-undefined uagb-block-e9e1615d\"><div class=\"uagb-column__overlay\"><\/div>\n<p class=\"has-montserrat-font-family\"><strong>16. Mai 2024<\/strong><\/p>\n<\/div>\n\n\n\n<div class=\"wp-block-uagb-column uagb-column__wrap uagb-column__background-undefined uagb-block-e06814ad\"><div class=\"uagb-column__overlay\"><\/div>\n<p><a href=\"https:\/\/www.eventbrite.de\/e\/pianistin-elisabeth-namchevadze-tickets-869107954287\" target=\"_blank\" rel=\"noreferrer noopener\">Klavierabend - Steinway &amp; Sons Stuttgart<\/a><\/p>\n<\/div>\n\n\n\n<div class=\"wp-block-uagb-column uagb-column__wrap uagb-column__background-undefined uagb-block-220b2322\"><div class=\"uagb-column__overlay\"><\/div>\n<p class=\"has-montserrat-font-family\">Klavierabend - Steinway &amp; Sons Stuttgart<br><br>Donnerstag, 16. Mai 2024 um 19 Uhr<br><br>Silberburgstra\u00dfe 143, 70176 Stuttgart<\/p>\n<\/div>\n<\/div><\/section>\n\n\n\n<div class=\"wp-block-uagb-separator uagb-block-149fe498\"><div class=\"uagb-separator-spacing-wrapper\"><div class=\"wp-block-uagb-separator__inner\" style=\"--my-background-image:\"><\/div><\/div><\/div>\n\n\n\n<section class=\"wp-block-uagb-columns uagb-columns__wrap uagb-columns__background-none uagb-columns__stack-tablet uagb-columns__valign-top uagb-columns__gap-0 align uagb-block-68a93b46 uagb-columns__columns-3 uagb-columns__max_width-theme\"><div class=\"uagb-columns__overlay\"><\/div><div class=\"uagb-columns__inner-wrap uagb-columns__columns-3\">\n<div class=\"wp-block-uagb-column uagb-column__wrap uagb-column__background-undefined uagb-block-b79227e7\"><div class=\"uagb-column__overlay\"><\/div>\n<p class=\"has-montserrat-font-family\"><strong>24. Feb. 2024<\/strong><\/p>\n<\/div>\n\n\n\n<div class=\"wp-block-uagb-column uagb-column__wrap uagb-column__background-undefined uagb-block-cccacb22\"><div class=\"uagb-column__overlay\"><\/div>\n<p><a href=\"https:\/\/lisinamchevadze.com\/wp-content\/uploads\/2024\/01\/Poster_24022024.pdf\" target=\"_blank\" rel=\"noreferrer noopener\">Winterkonzert<\/a><\/p>\n<\/div>\n\n\n\n<div class=\"wp-block-uagb-column uagb-column__wrap uagb-column__background-undefined uagb-block-fadb153a\"><div class=\"uagb-column__overlay\"><\/div>\n<p class=\"has-montserrat-font-family\">Elisabeth Namchevadze mit Jugendsinfonieorchester Stuttgart<br><br>Gustav Siegle Haus Stuttgart (Leonhardspl. 28, 70182 Stuttgart)<br><br>Samstag, 24. Februar 2024 um 19:30 Uhr<br><br>Edvard Grieg \u2013 Klavierkonzert a-moll op. 16<br><br>Elisabeth Namchevadze \u2013 Klavier<br>Alexander G. Adiarte \u2013 Dirigent<\/p>\n<\/div>\n<\/div><\/section>\n\n\n\n<div class=\"wp-block-uagb-separator uagb-block-02868fea\"><div class=\"uagb-separator-spacing-wrapper\"><div class=\"wp-block-uagb-separator__inner\" style=\"--my-background-image:\"><\/div><\/div><\/div>\n\n\n\n<section class=\"wp-block-uagb-columns uagb-columns__wrap uagb-columns__background-none uagb-columns__stack-tablet uagb-columns__valign-top uagb-columns__gap-0 align uagb-block-aecaa1e5 uagb-columns__columns-3 uagb-columns__max_width-theme\"><div class=\"uagb-columns__overlay\"><\/div><div class=\"uagb-columns__inner-wrap uagb-columns__columns-3\">\n<div class=\"wp-block-uagb-column uagb-column__wrap uagb-column__background-undefined uagb-block-423602ec\"><div class=\"uagb-column__overlay\"><\/div>\n<p class=\"has-montserrat-font-family\"><strong><strong><strong>11. Feb. 2024<\/strong><\/strong><\/strong><\/p>\n<\/div>\n\n\n\n<div class=\"wp-block-uagb-column uagb-column__wrap uagb-column__background-undefined uagb-block-b9cfcfe6\"><div class=\"uagb-column__overlay\"><\/div>\n<p class=\"has-montserrat-font-family\"><a href=\"https:\/\/www.holzgerlingen.de\/de\/aktuelles\/meldungen\/3_kultur\/Klavierwochenende.php\" target=\"_blank\" rel=\"noreferrer noopener\">18th international piano weekend Holzgerlingen<\/a><\/p>\n<\/div>\n\n\n\n<div class=\"wp-block-uagb-column uagb-column__wrap uagb-column__background-undefined uagb-block-7bc66563\"><div class=\"uagb-column__overlay\"><\/div>\n<p class=\"has-montserrat-font-family\">18. Internationales Klavierwochenende Holzgerlingen, Deutschland<\/p>\n<\/div>\n<\/div><\/section>\n\n\n\n<div class=\"wp-block-uagb-separator uagb-block-2b5aad69\"><div class=\"uagb-separator-spacing-wrapper\"><div class=\"wp-block-uagb-separator__inner\" style=\"--my-background-image:\"><\/div><\/div><\/div>\n\n\n\n<section class=\"wp-block-uagb-columns uagb-columns__wrap uagb-columns__background-none uagb-columns__stack-tablet uagb-columns__valign-top uagb-columns__gap-0 align uagb-block-b2efc3dc uagb-columns__columns-3 uagb-columns__max_width-theme\"><div class=\"uagb-columns__overlay\"><\/div><div class=\"uagb-columns__inner-wrap uagb-columns__columns-3\">\n<div class=\"wp-block-uagb-column uagb-column__wrap uagb-column__background-undefined uagb-block-ddba6244\"><div class=\"uagb-column__overlay\"><\/div>\n<p class=\"has-montserrat-font-family\"><strong><strong>1. Dez. 2023<\/strong><\/strong><\/p>\n<\/div>\n\n\n\n<div class=\"wp-block-uagb-column uagb-column__wrap uagb-column__background-undefined uagb-block-35f6de5d\"><div class=\"uagb-column__overlay\"><\/div>\n<p class=\"has-montserrat-font-family\"><a href=\"https:\/\/www.landesmuseum-stuttgart.de\/besuch\/veranstaltungen\/veranstaltungsdetails?tx_lmweventomat_eomfilter%5Baction%5D=details&amp;tx_lmweventomat_eomfilter%5Bcontroller%5D=Eventdate&amp;tx_lmweventomat_eomfilter%5Beventdate%5D=19617&amp;cHash=5bbbdad1a0deedff0c963bdb1377a28b\" target=\"_blank\" rel=\"noreferrer noopener\">Musikpause mit Elisabeth Namchevadze<\/a><\/p>\n<\/div>\n\n\n\n<div class=\"wp-block-uagb-column uagb-column__wrap uagb-column__background-undefined uagb-block-18d1d602\"><div class=\"uagb-column__overlay\"><\/div>\n<p class=\"has-montserrat-font-family\">Concert in the White Hall, Stuttgart Palace on Friday, 1 December 2023 at 4 PM<\/p>\n<\/div>\n<\/div><\/section>\n\n\n\n<div class=\"wp-block-uagb-separator uagb-block-ae1c6e36\"><div class=\"uagb-separator-spacing-wrapper\"><div class=\"wp-block-uagb-separator__inner\" style=\"--my-background-image:\"><\/div><\/div><\/div>\n\n\n\n<section class=\"wp-block-uagb-columns uagb-columns__wrap uagb-columns__background-none uagb-columns__stack-tablet uagb-columns__valign- uagb-columns__gap-0 align uagb-block-32e87df3 uagb-columns__columns-3 uagb-columns__max_width-theme\"><div class=\"uagb-columns__overlay\"><\/div><div class=\"uagb-columns__inner-wrap uagb-columns__columns-3\">\n<div class=\"wp-block-uagb-column uagb-column__wrap uagb-column__background-undefined uagb-block-215c5c4e\"><div class=\"uagb-column__overlay\"><\/div>\n<p class=\"has-montserrat-font-family\"><strong>9. Nov. 2023<\/strong><\/p>\n<\/div>\n\n\n\n<div class=\"wp-block-uagb-column uagb-column__wrap uagb-column__background-undefined uagb-block-0d61c054\"><div class=\"uagb-column__overlay\"><\/div>\n<p>16. Internationales Music Festival Batumi, Georgien<\/p>\n<\/div>\n\n\n\n<div class=\"wp-block-uagb-column uagb-column__wrap uagb-column__background-undefined uagb-block-3fd2b87b\"><div class=\"uagb-column__overlay\"><\/div>\n<p class=\"has-montserrat-font-family\">Edvard Grieg \u2013 Klavierkonzert mit dem Batumi Staats Orchester.<\/p>\n<\/div>\n<\/div><\/section>\n\n\n\n<div class=\"wp-block-uagb-separator uagb-block-f2a6d7a5\"><div class=\"uagb-separator-spacing-wrapper\"><div class=\"wp-block-uagb-separator__inner\" style=\"--my-background-image:\"><\/div><\/div><\/div>\n\n\n\n<section class=\"wp-block-uagb-columns uagb-columns__wrap uagb-columns__background-none uagb-columns__stack-tablet uagb-columns__valign- uagb-columns__gap-0 align uagb-block-7bc0cabe uagb-columns__columns-3 uagb-columns__max_width-theme\"><div class=\"uagb-columns__overlay\"><\/div><div class=\"uagb-columns__inner-wrap uagb-columns__columns-3\">\n<div class=\"wp-block-uagb-column uagb-column__wrap uagb-column__background-undefined uagb-block-f58fb217\"><div class=\"uagb-column__overlay\"><\/div>\n<p class=\"has-montserrat-font-family\"><strong>15. Okt. 2023<\/strong><\/p>\n<\/div>\n\n\n\n<div class=\"wp-block-uagb-column uagb-column__wrap uagb-column__background-undefined uagb-block-0a407b37\"><div class=\"uagb-column__overlay\"><\/div>\n<p class=\"has-montserrat-font-family\"><a rel=\"noreferrer noopener\" href=\"https:\/\/www.beethoven.de\/de\/termine\/view\/5463942784614400\/Young+Stars\" target=\"_blank\">Young Stars &#8211; Winner of the Hermann J. Abs Prize Beethoven-House Bonn<\/a><\/p>\n<\/div>\n\n\n\n<div class=\"wp-block-uagb-column uagb-column__wrap uagb-column__background-undefined uagb-block-5cedb6d7\"><div class=\"uagb-column__overlay\"><\/div>\n<p class=\"has-montserrat-font-family\">Seit dem Beethoven-Jubil\u00e4umsjahr 2020 wird beim Bundeswettbewerb \"Jugend musiziert\" von der Jury der Hermann J. Abs-Preis f\u00fcr die beste Interpretation eines Werkes von Ludwig van Beethoven vergeben. Mit dem Preis verbunden ist ein Konzertauftritt mit dem Wettbewerbsprogramm im Kammermusiksaal.<\/p>\n<\/div>\n<\/div><\/section>\n\n\n\n<div class=\"wp-block-uagb-separator uagb-block-9ff8d898\"><div class=\"uagb-separator-spacing-wrapper\"><div class=\"wp-block-uagb-separator__inner\" style=\"--my-background-image:\"><\/div><\/div><\/div>\n\n\n\n<section class=\"wp-block-uagb-columns uagb-columns__wrap uagb-columns__background-none uagb-columns__stack-tablet uagb-columns__valign- uagb-columns__gap-0 align uagb-block-5326192b uagb-columns__columns-3 uagb-columns__max_width-theme\"><div class=\"uagb-columns__overlay\"><\/div><div class=\"uagb-columns__inner-wrap uagb-columns__columns-3\">\n<div class=\"wp-block-uagb-column uagb-column__wrap uagb-column__background-undefined uagb-block-8a1f099f\"><div class=\"uagb-column__overlay\"><\/div>\n<p class=\"has-montserrat-font-family\"><strong>8. Okt. 2023<\/strong><\/p>\n<\/div>\n\n\n\n<div class=\"wp-block-uagb-column uagb-column__wrap uagb-column__background-undefined uagb-block-d205a3c4\"><div class=\"uagb-column__overlay\"><\/div>\n<p class=\"has-montserrat-font-family\"><a href=\"https:\/\/www.johanneshaus-oeschelbronn.de\/events\/2023_09_09_lienzingenakademie23-2-2\/\" target=\"_blank\" rel=\"noreferrer noopener\">Klavierkonzert Elisabeth Namchevadze \u2013 \u00d6schelbronn<\/a><\/p>\n<\/div>\n\n\n\n<div class=\"wp-block-uagb-column uagb-column__wrap uagb-column__background-undefined uagb-block-085921d2\"><div class=\"uagb-column__overlay\"><\/div>\n<p class=\"has-montserrat-font-family\">Werke von Scarlatti, Chopin, Liszt, Bartok, Beethoven - im Festspielhaus.<\/p>\n<\/div>\n<\/div><\/section>\n\n\n\n<div class=\"wp-block-uagb-separator uagb-block-b2370e08\"><div class=\"uagb-separator-spacing-wrapper\"><div class=\"wp-block-uagb-separator__inner\" style=\"--my-background-image:\"><\/div><\/div><\/div>\n\n\n\n<section class=\"wp-block-uagb-columns uagb-columns__wrap uagb-columns__background-none uagb-columns__stack-tablet uagb-columns__valign- uagb-columns__gap-0 align uagb-block-c8eb532d uagb-columns__columns-3 uagb-columns__max_width-theme\"><div class=\"uagb-columns__overlay\"><\/div><div class=\"uagb-columns__inner-wrap uagb-columns__columns-3\">\n<div class=\"wp-block-uagb-column uagb-column__wrap uagb-column__background-undefined uagb-block-324c9e57\"><div class=\"uagb-column__overlay\"><\/div>\n<p class=\"has-montserrat-font-family\"><strong>17. Sep. 2023<\/strong><\/p>\n<\/div>\n\n\n\n<div class=\"wp-block-uagb-column uagb-column__wrap uagb-column__background-undefined uagb-block-d1966fb6\"><div class=\"uagb-column__overlay\"><\/div>\n<p class=\"has-montserrat-font-family\"><a href=\"https:\/\/www.hamburg-magazin.de\/veranstaltungen\/steinway-festival-2023-1015915\" target=\"_blank\" rel=\"noreferrer noopener\">Steinway Festival 2023 \u2013 Hamburg<\/a><\/p>\n<\/div>\n\n\n\n<div class=\"wp-block-uagb-column uagb-column__wrap uagb-column__background-undefined uagb-block-e952e5af\"><div class=\"uagb-column__overlay\"><\/div>\n<p class=\"has-montserrat-font-family\">Sie sind jung, und sie geh\u00f6ren zu den Besten. Unter der Schirmherrschaft des Senators der Freien und Hansestadt Hamburg, Dr. Carsten Brosda, pr\u00e4sentieren die ersten Preistr\u00e4ger der Steinway-Klavierspielwettbewerbe aus zw\u00f6lf Nationen ihr K\u00f6nnen.<\/p>\n<\/div>\n<\/div><\/section>\n\n\n\n<div class=\"wp-block-uagb-separator uagb-block-48f33d8f\"><div class=\"uagb-separator-spacing-wrapper\"><div class=\"wp-block-uagb-separator__inner\" style=\"--my-background-image:\"><\/div><\/div><\/div>\n\n\n\n<section class=\"wp-block-uagb-columns uagb-columns__wrap uagb-columns__background-none uagb-columns__stack-tablet uagb-columns__valign-top uagb-columns__gap-0 align uagb-block-cd9ed891 uagb-columns__columns-3 uagb-columns__max_width-theme\"><div class=\"uagb-columns__overlay\"><\/div><div class=\"uagb-columns__inner-wrap uagb-columns__columns-3\">\n<div class=\"wp-block-uagb-column uagb-column__wrap uagb-column__background-undefined uagb-block-2510ac4c\"><div class=\"uagb-column__overlay\"><\/div>\n<p class=\"has-montserrat-font-family\"><strong>15. Sep. 2023<\/strong><\/p>\n<\/div>\n\n\n\n<div class=\"wp-block-uagb-column uagb-column__wrap uagb-column__background-undefined uagb-block-741d74d6\"><div class=\"uagb-column__overlay\"><\/div>\n<p class=\"has-montserrat-font-family\"><a href=\"https:\/\/www.landesmuseum-stuttgart.de\/besuch\/veranstaltungen\/veranstaltungsdetails?tx_lmweventomat_eomfilter%5Baction%5D=details&amp;tx_lmweventomat_eomfilter%5Bcontroller%5D=Eventdate&amp;tx_lmweventomat_eomfilter%5Beventdate%5D=19617&amp;cHash=5bbbdad1a0deedff0c963bdb1377a28b\" target=\"_blank\" rel=\"noreferrer noopener\">Musikpause mit Elisabeth Namchevadze<\/a><\/p>\n<\/div>\n\n\n\n<div class=\"wp-block-uagb-column uagb-column__wrap uagb-column__background-undefined uagb-block-d68e0e16\"><div class=\"uagb-column__overlay\"><\/div>\n<p class=\"has-montserrat-font-family\">Die Musikpause mit Elisabeth Namchevadze, eine Kooperation zwischen dem Landesmuseum W\u00fcrttemberg und der Staatlichen Hochschule f\u00fcr Musik und Darstellende Kunst Stuttgart, findet - au\u00dfer an Feiertagen - jeden Freitag im Rahmen eines Kurzkonzertes im Haus der Musik im Fruchtkasten statt.<\/p>\n<\/div>\n<\/div><\/section>\n<\/div>\n<\/div><\/section>\n\n\n\n<div class=\"wp-block-uagb-container uagb-block-b1cbf3ee alignfull uagb-is-root-container\"><div class=\"uagb-container-inner-blocks-wrap\">\n<div class=\"wp-block-buttons alignfull is-vertical is-content-justification-center is-layout-flex wp-container-core-buttons-is-layout-04a12858 wp-block-buttons-is-layout-flex\" style=\"margin-top:var(--wp--preset--spacing--large);margin-bottom:var(--wp--preset--spacing--xx-large)\">\n<div class=\"wp-block-button is-style-fill\"><a class=\"wp-block-button__link has-neutral-background-color has-background has-text-align-center wp-element-button\" href=\"https:\/\/lisinamchevadze.com\/de\/upcoming-events\/\" style=\"border-style:none;border-width:0px;border-radius:5px;padding-right:var(--wp--preset--spacing--large);padding-left:var(--wp--preset--spacing--large)\">Kommende Veranstaltungen<\/a><\/div>\n<\/div>\n<\/div><\/div>","protected":false},"excerpt":{"rendered":"<p>Past Events 19. Jan. 2026 7:30 PM Piano recital Piano recital TONALi Hall Kleiner Kielort 3-5, 20144 Hamburg 15. Nov. 2025 12:00 PM Young Steinway Artist | Elisabeth Namchevadze zu Gast bei Steinway &amp; Sons Young Steinway Artist | Elisabeth Namchevadze zu Gast bei Steinway &amp; Sons Steinway &amp; Sons Flagshipstore | Stuttgart B\u00fcchsenstra\u00dfe 15, [&hellip;]<\/p>\n","protected":false},"author":2,"featured_media":0,"parent":0,"menu_order":0,"comment_status":"closed","ping_status":"closed","template":"","meta":{"_uag_custom_page_level_css":"","_swt_meta_header_display":false,"_swt_meta_footer_display":false,"_swt_meta_site_title_display":true,"_swt_meta_sticky_header":false,"_swt_meta_transparent_header":true,"footnotes":""},"class_list":["post-1426","page","type-page","status-publish","hentry"],"uagb_featured_image_src":{"full":false,"thumbnail":false,"medium":false,"medium_large":false,"large":false,"1536x1536":false,"2048x2048":false,"trp-custom-language-flag":false},"uagb_author_info":{"display_name":"Besso Namchevadze","author_link":"https:\/\/lisinamchevadze.com\/de\/author\/besso\/"},"uagb_comment_info":0,"uagb_excerpt":"Past Events 19. Jan. 2026 7:30 PM Piano recital Piano recital TONALi Hall Kleiner Kielort 3-5, 20144 Hamburg 15. Nov. 2025 12:00 PM Young Steinway Artist | Elisabeth Namchevadze zu Gast bei Steinway &amp; Sons Young Steinway Artist | Elisabeth Namchevadze zu Gast bei Steinway &amp; Sons Steinway &amp; Sons Flagshipstore | Stuttgart B\u00fcchsenstra\u00dfe 15,&hellip;","_links":{"self":[{"href":"https:\/\/lisinamchevadze.com\/de\/wp-json\/wp\/v2\/pages\/1426","targetHints":{"allow":["GET"]}}],"collection":[{"href":"https:\/\/lisinamchevadze.com\/de\/wp-json\/wp\/v2\/pages"}],"about":[{"href":"https:\/\/lisinamchevadze.com\/de\/wp-json\/wp\/v2\/types\/page"}],"author":[{"embeddable":true,"href":"https:\/\/lisinamchevadze.com\/de\/wp-json\/wp\/v2\/users\/2"}],"replies":[{"embeddable":true,"href":"https:\/\/lisinamchevadze.com\/de\/wp-json\/wp\/v2\/comments?post=1426"}],"version-history":[{"count":44,"href":"https:\/\/lisinamchevadze.com\/de\/wp-json\/wp\/v2\/pages\/1426\/revisions"}],"predecessor-version":[{"id":2201,"href":"https:\/\/lisinamchevadze.com\/de\/wp-json\/wp\/v2\/pages\/1426\/revisions\/2201"}],"wp:attachment":[{"href":"https:\/\/lisinamchevadze.com\/de\/wp-json\/wp\/v2\/media?parent=1426"}],"curies":[{"name":"wp","href":"https:\/\/api.w.org\/{rel}","templated":true}]}}